{"id":9274,"date":"2023-11-06T15:11:15","date_gmt":"2023-11-06T15:11:15","guid":{"rendered":"https:\/\/polorto.com.pl\/?page_id=9274"},"modified":"2023-11-06T15:11:15","modified_gmt":"2023-11-06T15:11:15","slug":"questions-and-answers-clinical-operating-of-the-motion-appliance","status":"publish","type":"page","link":"https:\/\/polorto.com.pl\/en\/questions-and-answers-clinical-operating-of-the-motion-appliance\/","title":{"rendered":"Questions and Answers \u2013 Clinical operating of the Motion appliance"},"content":{"rendered":"<div data-elementor-type=\"wp-page\" data-elementor-id=\"9274\" class=\"elementor elementor-9274\" data-elementor-post-type=\"page\">\n\t\t\t\t\t\t<section class=\"elementor-section elementor-top-section elementor-element elementor-element-3202687 elementor-section-boxed elementor-section-height-default elementor-section-height-default\" data-id=\"3202687\" data-element_type=\"section\" data-e-type=\"section\">\n\t\t\t\t\t\t<div class=\"elementor-container elementor-column-gap-default\">\n\t\t\t\t\t<div class=\"elementor-column elementor-col-100 elementor-top-column elementor-element elementor-element-2c5e7e7\" data-id=\"2c5e7e7\" data-element_type=\"column\" data-e-type=\"column\">\n\t\t\t<div class=\"elementor-widget-wrap elementor-element-populated\">\n\t\t\t\t\t\t<div class=\"elementor-element elementor-element-2f9e1295 elementor-widget elementor-widget-heading\" data-id=\"2f9e1295\" data-element_type=\"widget\" data-e-type=\"widget\" data-widget_type=\"heading.default\">\n\t\t\t\t<div class=\"elementor-widget-container\">\n\t\t\t\t\t<h2 class=\"elementor-heading-title elementor-size-default\">Pytania i Odpowiedzi \u2013 Dzialanie kliniczne aparatu Motion<\/h2>\t\t\t\t<\/div>\n\t\t\t\t<\/div>\n\t\t\t\t<div class=\"elementor-element elementor-element-1863656 elementor-widget elementor-widget-accordion\" data-id=\"1863656\" data-element_type=\"widget\" data-e-type=\"widget\" data-widget_type=\"accordion.default\">\n\t\t\t\t<div class=\"elementor-widget-container\">\n\t\t\t\t\t\t\t<div class=\"elementor-accordion\">\n\t\t\t\t\t\t\t<div class=\"elementor-accordion-item\">\n\t\t\t\t\t<div id=\"elementor-tab-title-2551\" class=\"elementor-tab-title\" data-tab=\"1\" role=\"button\" aria-controls=\"elementor-tab-content-2551\" aria-expanded=\"false\">\n\t\t\t\t\t\t\t\t\t\t\t\t\t<span class=\"elementor-accordion-icon elementor-accordion-icon-left\" aria-hidden=\"true\">\n\t\t\t\t\t\t\t\t\t\t\t\t\t\t\t<span class=\"elementor-accordion-icon-closed\"><i class=\"fas fa-chevron-down\"><\/i><\/span>\n\t\t\t\t\t\t\t\t<span class=\"elementor-accordion-icon-opened\"><i class=\"fas fa-minus\"><\/i><\/span>\n\t\t\t\t\t\t\t\t\t\t\t\t\t\t<\/span>\n\t\t\t\t\t\t\t\t\t\t\t\t<a class=\"elementor-accordion-title\" tabindex=\"0\">W jaki spos\u00f3b mo\u017cna przej\u015b\u0107 z MOTION 3D na Alignery?<\/a>\n\t\t\t\t\t<\/div>\n\t\t\t\t\t<div id=\"elementor-tab-content-2551\" class=\"elementor-tab-content elementor-clearfix\" data-tab=\"1\" role=\"region\" aria-labelledby=\"elementor-tab-title-2551\" data-no-translation=\"\" data-trp-gettext=\"\"><p>Na etapie, gdy mo\u017cliwe b\u0119dzie ju\u017c przej\u015bcie na alignery, nale\u017cy wykona\u0107 skan \u0142uk\u00f3w z\u0119bowych pacjenta z za\u0142o\u017conym aparatem MOTION 3D. Chc\u0105c kontynuowa\u0107 leczenie przy u\u017cyciu aligner\u00f3w nale\u017cy wys\u0142a\u0107 skany i poprosi\u0107 o wirtualne usuni\u0119cie aparatu MOTION 3D.<br \/>W przypadku korzystania a w\u0142asnego laboratorium nale\u017cy r\u00f3wnie\u017c usun\u0105\u0107 aparat MOTION 3D wirtualnie ze skan\u00f3w. Po zeskanowaniu z\u0119b\u00f3w pacjenta nale\u017cy odes\u0142a\u0107 go do domu z za\u0142o\u017conym aparatem MOTION 3D, bez aligner\u00f3w, ale da\u0107 mu do noszenia wyci\u0105gi elastyczne Force 1 (tylko na noc). Po przyj\u015bciu aligner\u00f3w nale\u017cy zdj\u0105\u0107 pacjentowi aparat MOTION 3D i rozpocz\u0105\u0107 leczenie z u\u017cyciem aligner\u00f3w.<\/p><\/div>\n\t\t\t\t<\/div>\n\t\t\t\t\t\t\t<div class=\"elementor-accordion-item\">\n\t\t\t\t\t<div id=\"elementor-tab-title-2552\" class=\"elementor-tab-title\" data-tab=\"2\" role=\"button\" aria-controls=\"elementor-tab-content-2552\" aria-expanded=\"false\">\n\t\t\t\t\t\t\t\t\t\t\t\t\t<span class=\"elementor-accordion-icon elementor-accordion-icon-left\" aria-hidden=\"true\">\n\t\t\t\t\t\t\t\t\t\t\t\t\t\t\t<span class=\"elementor-accordion-icon-closed\"><i class=\"fas fa-chevron-down\"><\/i><\/span>\n\t\t\t\t\t\t\t\t<span class=\"elementor-accordion-icon-opened\"><i class=\"fas fa-minus\"><\/i><\/span>\n\t\t\t\t\t\t\t\t\t\t\t\t\t\t<\/span>\n\t\t\t\t\t\t\t\t\t\t\t\t<a class=\"elementor-accordion-title\" tabindex=\"0\">Mam pacjenta z ko\u015bci\u0105 o bardzo du\u017cej g\u0119sto\u015bci. Bardzo dobrze wsp\u00f3\u0142pracuje i nosi wyci\u0105gi, ale nic si\u0119 nie zmieni\u0142o pomimo up\u0142ywu trzech miesi\u0119cy i stosowania przez dwa miesi\u0105ce wyci\u0105g\u00f3w Force 2.<\/a>\n\t\t\t\t\t<\/div>\n\t\t\t\t\t<div id=\"elementor-tab-content-2552\" class=\"elementor-tab-content elementor-clearfix\" data-tab=\"2\" role=\"region\" aria-labelledby=\"elementor-tab-title-2552\" data-no-translation=\"\" data-trp-gettext=\"\"><div id=\"ui-id-2\" class=\"accordion-content content1553074251145 ui-accordion-content ui-helper-reset ui-widget-content ui-corner-bottom ui-accordion-content-active\" role=\"tabpanel\" aria-labelledby=\"header-1553074251145\" aria-hidden=\"false\"><p>Taka sytuacja zdarza si\u0119 tylko u pacjent\u00f3w o mocnej budowie cia\u0142a i o ko\u015bci du\u017cej g\u0119sto\u015bci. Nie s\u0105 to cz\u0119ste przypadki, ale si\u0119 zdarzaj\u0105 \u2013 nale\u017cy wtedy podwoi\u0107 wyci\u0105gi Force 2 na noc. W 95% przypadk\u00f3w z\u0119by zaczn\u0105 si\u0119 wtedy przesuwa\u0107. Je\u017celi tak si\u0119 nie stanie (5% przypadk\u00f3w), to nale\u017cy zdj\u0105\u0107 standardowy aparat MOTION 3D i zast\u0105pi\u0107 go aparatem &#8222;Shorty&#8221; Motion 3D. Aparat Shorty Motion powoduje szybszy ruch i zapewni zaplanowane przesuni\u0119cie z\u0119b\u00f3w.<\/p><\/div><\/div>\n\t\t\t\t<\/div>\n\t\t\t\t\t\t\t<div class=\"elementor-accordion-item\">\n\t\t\t\t\t<div id=\"elementor-tab-title-2553\" class=\"elementor-tab-title\" data-tab=\"3\" role=\"button\" aria-controls=\"elementor-tab-content-2553\" aria-expanded=\"false\">\n\t\t\t\t\t\t\t\t\t\t\t\t\t<span class=\"elementor-accordion-icon elementor-accordion-icon-left\" aria-hidden=\"true\">\n\t\t\t\t\t\t\t\t\t\t\t\t\t\t\t<span class=\"elementor-accordion-icon-closed\"><i class=\"fas fa-chevron-down\"><\/i><\/span>\n\t\t\t\t\t\t\t\t<span class=\"elementor-accordion-icon-opened\"><i class=\"fas fa-minus\"><\/i><\/span>\n\t\t\t\t\t\t\t\t\t\t\t\t\t\t<\/span>\n\t\t\t\t\t\t\t\t\t\t\t\t<a class=\"elementor-accordion-title\" tabindex=\"0\">Czy mo\u017cna stosowa\u0107 ten aparat od pocz\u0105tku u pacjent\u00f3w ze zgryzem krzy\u017cowym?<\/a>\n\t\t\t\t\t<\/div>\n\t\t\t\t\t<div id=\"elementor-tab-content-2553\" class=\"elementor-tab-content elementor-clearfix\" data-tab=\"3\" role=\"region\" aria-labelledby=\"elementor-tab-title-2553\" data-no-translation=\"\" data-trp-gettext=\"\"><p>Tak. Zawsze zaczynamy dzia\u0142ania od P\u0141ASZCZYNY STRZA\u0141KOWEJ stosuj\u0105c aparat MOTION 3D. Wa\u017cne jest, aby podczas stosowania aparatu MOTION 3D zawsze wykonywa\u0107 na g\u00f3rnych trzonowcach jakie\u015b nak\u0142adki okluzyjne z kompozytu.<br \/>Prosz\u0119 przypomina\u0107 lekarzom, \u017ce stosuj\u0105c aparat MOTION 3D nale\u017cy przesuwa\u0107 z\u0119by z pewn\u0105 nadkorekt\u0105. W innym przypadku mo\u017ce doj\u015b\u0107 do nawrotu wady i konieczne b\u0119dzie stosowanie wyci\u0105g\u00f3w elastycznych pod koniec leczenia. Nadkorekta zapewni uzyskanie stabilnej klasy I.<br \/>Bardzo wa\u017cna informacja: W przypadku u\u017cywania aligner\u00f3w po MOTION 3D nale\u017cy r\u00f3wnie\u017c stosowa\u0107 nadkorekt\u0119.<\/p><\/div>\n\t\t\t\t<\/div>\n\t\t\t\t\t\t\t<div class=\"elementor-accordion-item\">\n\t\t\t\t\t<div id=\"elementor-tab-title-2554\" class=\"elementor-tab-title\" data-tab=\"4\" role=\"button\" aria-controls=\"elementor-tab-content-2554\" aria-expanded=\"false\">\n\t\t\t\t\t\t\t\t\t\t\t\t\t<span class=\"elementor-accordion-icon elementor-accordion-icon-left\" aria-hidden=\"true\">\n\t\t\t\t\t\t\t\t\t\t\t\t\t\t\t<span class=\"elementor-accordion-icon-closed\"><i class=\"fas fa-chevron-down\"><\/i><\/span>\n\t\t\t\t\t\t\t\t<span class=\"elementor-accordion-icon-opened\"><i class=\"fas fa-minus\"><\/i><\/span>\n\t\t\t\t\t\t\t\t\t\t\t\t\t\t<\/span>\n\t\t\t\t\t\t\t\t\t\t\t\t<a class=\"elementor-accordion-title\" tabindex=\"0\">Czy w przypadku wad jednostronnych nale\u017cy stosowa\u0107 tylko jeden aparat MOTION 3D?<\/a>\n\t\t\t\t\t<\/div>\n\t\t\t\t\t<div id=\"elementor-tab-content-2554\" class=\"elementor-tab-content elementor-clearfix\" data-tab=\"4\" role=\"region\" aria-labelledby=\"elementor-tab-title-2554\" data-no-translation=\"\" data-trp-gettext=\"\"><div id=\"ui-id-4\" class=\"accordion-content content1553074308584 ui-accordion-content ui-helper-reset ui-widget-content ui-corner-bottom ui-accordion-content-active\" role=\"tabpanel\" aria-labelledby=\"header-1553074308584\" aria-hidden=\"false\"><p>W przypadku wady jednostronnej nale\u017cy stosowa\u0107 dwa aparaty MOTION 3D. Po stronie z klas\u0105 I pacjent ma stosowa\u0107 wyci\u0105gi Force 1 tylko na noc, a po stronie z klas\u0105 II post\u0119pujemy zgodnie z normalnym protoko\u0142em wyci\u0105g\u00f3w elastycznych. Dlaczego? Gdyby\u015bmy za\u0142o\u017cyli MOTION 3D po stronie klasy II, a nie za\u0142o\u017cyli po stronie klasy I, to spowodowa\u0142oby to przesuni\u0119cie linii po\u015brodkowej.<\/p><\/div><\/div>\n\t\t\t\t<\/div>\n\t\t\t\t\t\t\t<div class=\"elementor-accordion-item\">\n\t\t\t\t\t<div id=\"elementor-tab-title-2555\" class=\"elementor-tab-title\" data-tab=\"5\" role=\"button\" aria-controls=\"elementor-tab-content-2555\" aria-expanded=\"false\">\n\t\t\t\t\t\t\t\t\t\t\t\t\t<span class=\"elementor-accordion-icon elementor-accordion-icon-left\" aria-hidden=\"true\">\n\t\t\t\t\t\t\t\t\t\t\t\t\t\t\t<span class=\"elementor-accordion-icon-closed\"><i class=\"fas fa-chevron-down\"><\/i><\/span>\n\t\t\t\t\t\t\t\t<span class=\"elementor-accordion-icon-opened\"><i class=\"fas fa-minus\"><\/i><\/span>\n\t\t\t\t\t\t\t\t\t\t\t\t\t\t<\/span>\n\t\t\t\t\t\t\t\t\t\t\t\t<a class=\"elementor-accordion-title\" tabindex=\"0\">Czy w przypadku klasy II nale\u017cy zak\u0142ada\u0107 rurki policzkowe na dolnych sz\u00f3stkach czy na dolnych si\u00f3demkach?<\/a>\n\t\t\t\t\t<\/div>\n\t\t\t\t\t<div id=\"elementor-tab-content-2555\" class=\"elementor-tab-content elementor-clearfix\" data-tab=\"5\" role=\"region\" aria-labelledby=\"elementor-tab-title-2555\" data-no-translation=\"\" data-trp-gettext=\"\"><div id=\"ui-id-4\" class=\"accordion-content content1553074308584 ui-accordion-content ui-helper-reset ui-widget-content ui-corner-bottom ui-accordion-content-active\" role=\"tabpanel\" aria-labelledby=\"header-1553074308584\" aria-hidden=\"false\"><div id=\"ui-id-5\" class=\"accordion-content content1553074308725 ui-accordion-content ui-helper-reset ui-widget-content ui-corner-bottom ui-accordion-content-active\" role=\"tabpanel\" aria-labelledby=\"header-1553074308725\" aria-hidden=\"false\"><p>Je\u017celi dost\u0119pne s\u0105 dolne si\u00f3demki z wystarczaj\u0105c\u0105 ilo\u015bci\u0105 miejsca na koronach, to nale\u017cy za\u0142o\u017cy\u0107 je na dolnych si\u00f3demkach. Je\u017celi si\u00f3demki nie s\u0105 dost\u0119pne, albo jest na nich zbyt ma\u0142o miejsca na przyklejenie rurek policzkowych, to nale\u017cy za\u0142o\u017cy\u0107 je na sz\u00f3stkach. W przypadku wykorzystywania sz\u00f3stek i stosowania haczyka Sidekick, nale\u017cy go zak\u0142ada\u0107 po stronie dystalnej sz\u00f3stek.<\/p><\/div><\/div><\/div>\n\t\t\t\t<\/div>\n\t\t\t\t\t\t\t<div class=\"elementor-accordion-item\">\n\t\t\t\t\t<div id=\"elementor-tab-title-2556\" class=\"elementor-tab-title\" data-tab=\"6\" role=\"button\" aria-controls=\"elementor-tab-content-2556\" aria-expanded=\"false\">\n\t\t\t\t\t\t\t\t\t\t\t\t\t<span class=\"elementor-accordion-icon elementor-accordion-icon-left\" aria-hidden=\"true\">\n\t\t\t\t\t\t\t\t\t\t\t\t\t\t\t<span class=\"elementor-accordion-icon-closed\"><i class=\"fas fa-chevron-down\"><\/i><\/span>\n\t\t\t\t\t\t\t\t<span class=\"elementor-accordion-icon-opened\"><i class=\"fas fa-minus\"><\/i><\/span>\n\t\t\t\t\t\t\t\t\t\t\t\t\t\t<\/span>\n\t\t\t\t\t\t\t\t\t\t\t\t<a class=\"elementor-accordion-title\" tabindex=\"0\">Pr\u00f3bowali\u015bmy skorzysta\u0107 z zalecenia, aby w przypadku braku przesuni\u0119\u0107 z\u0119b\u00f3w przez okres 3 miesi\u0119cy przej\u015b\u0107 na podw\u00f3jne wyci\u0105gi elastyczne Force 2 na noc. Jednak\u017ce w zwi\u0105zku z du\u017c\u0105 grubo\u015bci\u0105 wyci\u0105g\u00f3w Force 2 pacjenci nie s\u0105 w stanie za\u0142o\u017cy\u0107 dw\u00f3ch wyci\u0105g\u00f3w na ma\u0142y haczyk na Motion 3D. Jak rozwi\u0105za\u0107 ten problem?<\/a>\n\t\t\t\t\t<\/div>\n\t\t\t\t\t<div id=\"elementor-tab-content-2556\" class=\"elementor-tab-content elementor-clearfix\" data-tab=\"6\" role=\"region\" aria-labelledby=\"elementor-tab-title-2556\" data-no-translation=\"\" data-trp-gettext=\"\"><div id=\"ui-id-4\" class=\"accordion-content content1553074308584 ui-accordion-content ui-helper-reset ui-widget-content ui-corner-bottom ui-accordion-content-active\" role=\"tabpanel\" aria-labelledby=\"header-1553074308584\" aria-hidden=\"false\"><div id=\"ui-id-5\" class=\"accordion-content content1553074308725 ui-accordion-content ui-helper-reset ui-widget-content ui-corner-bottom ui-accordion-content-active\" role=\"tabpanel\" aria-labelledby=\"header-1553074308725\" aria-hidden=\"false\"><div id=\"ui-id-6\" class=\"accordion-content content1553074308866 ui-accordion-content ui-helper-reset ui-widget-content ui-corner-bottom ui-accordion-content-active\" role=\"tabpanel\" aria-labelledby=\"header-1553074308866\" aria-hidden=\"false\"><p>Nak\u0142adaj\u0105c drugi wyci\u0105g Force 2 nale\u017cy go z\u0142o\u017cy\u0107 najpierw na haczyk na przyklejanej rurce, a nast\u0119pnie naci\u0105gn\u0105\u0107 i na\u0142o\u017cy\u0107 na haczyk na aparacie MOTION 3D.<\/p><\/div><\/div><\/div><\/div>\n\t\t\t\t<\/div>\n\t\t\t\t\t\t\t<div class=\"elementor-accordion-item\">\n\t\t\t\t\t<div id=\"elementor-tab-title-2557\" class=\"elementor-tab-title\" data-tab=\"7\" role=\"button\" aria-controls=\"elementor-tab-content-2557\" aria-expanded=\"false\">\n\t\t\t\t\t\t\t\t\t\t\t\t\t<span class=\"elementor-accordion-icon elementor-accordion-icon-left\" aria-hidden=\"true\">\n\t\t\t\t\t\t\t\t\t\t\t\t\t\t\t<span class=\"elementor-accordion-icon-closed\"><i class=\"fas fa-chevron-down\"><\/i><\/span>\n\t\t\t\t\t\t\t\t<span class=\"elementor-accordion-icon-opened\"><i class=\"fas fa-minus\"><\/i><\/span>\n\t\t\t\t\t\t\t\t\t\t\t\t\t\t<\/span>\n\t\t\t\t\t\t\t\t\t\t\t\t<a class=\"elementor-accordion-title\" tabindex=\"0\">Moja pacjentka nie ma g\u00f3rnej lewej sz\u00f3stki. Mi\u0119dzy lew\u0105 g\u00f3rn\u0105 pi\u0105tk\u0105 i si\u00f3demk\u0105 ma szpar\u0119 na 8mm. Problem polega na tym, \u017ce podstawa \u0142apki aparatu przewidziana na g\u00f3rn\u0105 sz\u00f3stk\u0119 jest zbyt du\u017ca w stosunku do pi\u0105tki i boj\u0119 si\u0119, \u017ce nie b\u0119dzie tam dobrze pasowa\u0107.<\/a>\n\t\t\t\t\t<\/div>\n\t\t\t\t\t<div id=\"elementor-tab-content-2557\" class=\"elementor-tab-content elementor-clearfix\" data-tab=\"7\" role=\"region\" aria-labelledby=\"elementor-tab-title-2557\" data-no-translation=\"\" data-trp-gettext=\"\"><div id=\"ui-id-4\" class=\"accordion-content content1553074308584 ui-accordion-content ui-helper-reset ui-widget-content ui-corner-bottom ui-accordion-content-active\" role=\"tabpanel\" aria-labelledby=\"header-1553074308584\" aria-hidden=\"false\"><div id=\"ui-id-5\" class=\"accordion-content content1553074308725 ui-accordion-content ui-helper-reset ui-widget-content ui-corner-bottom ui-accordion-content-active\" role=\"tabpanel\" aria-labelledby=\"header-1553074308725\" aria-hidden=\"false\"><div id=\"ui-id-6\" class=\"accordion-content content1553074308866 ui-accordion-content ui-helper-reset ui-widget-content ui-corner-bottom ui-accordion-content-active\" role=\"tabpanel\" aria-labelledby=\"header-1553074308866\" aria-hidden=\"false\"><div id=\"ui-id-7\" class=\"accordion-content content1553074383975 ui-accordion-content ui-helper-reset ui-widget-content ui-corner-bottom ui-accordion-content-active\" role=\"tabpanel\" aria-labelledby=\"header-1553074383975\" aria-hidden=\"false\"><p>Podczas przyklejania do drugiego przedtrzonowca podstawy \u0142apki przewidzianej na z\u0105b trzonowy nale\u017cy na\u0142o\u017cy\u0107 wi\u0119ksz\u0105 ilo\u015b\u0107 kompozytu na dalsz\u0105 cz\u0119\u015b\u0107 podstawy \u0142apki MOTION 3D, aby uzyska\u0107 jego odpowiedni\u0105 grubo\u015b\u0107 zapewniaj\u0105c\u0105 dobr\u0105 adaptacj\u0119 do przedtrzonowca.<\/p><\/div><\/div><\/div><\/div><\/div>\n\t\t\t\t<\/div>\n\t\t\t\t\t\t\t<div class=\"elementor-accordion-item\">\n\t\t\t\t\t<div id=\"elementor-tab-title-2558\" class=\"elementor-tab-title\" data-tab=\"8\" role=\"button\" aria-controls=\"elementor-tab-content-2558\" aria-expanded=\"false\">\n\t\t\t\t\t\t\t\t\t\t\t\t\t<span class=\"elementor-accordion-icon elementor-accordion-icon-left\" aria-hidden=\"true\">\n\t\t\t\t\t\t\t\t\t\t\t\t\t\t\t<span class=\"elementor-accordion-icon-closed\"><i class=\"fas fa-chevron-down\"><\/i><\/span>\n\t\t\t\t\t\t\t\t<span class=\"elementor-accordion-icon-opened\"><i class=\"fas fa-minus\"><\/i><\/span>\n\t\t\t\t\t\t\t\t\t\t\t\t\t\t<\/span>\n\t\t\t\t\t\t\t\t\t\t\t\t<a class=\"elementor-accordion-title\" tabindex=\"0\">W trakcie leczenia przypadk\u00f3w z uz\u0119bieniem mieszanym cz\u0119sto spotykamy si\u0119 z problemem wymiaru poprzecznego (potrzeba ekspansji szcz\u0119ki). Jak ma wygl\u0105da\u0107 plan leczenia? Czy nale\u017cy zacz\u0105\u0107 leczenia od ekspansji szcz\u0119ki, czy te\u017c robi\u0107 ekspansj\u0119 jednocze\u015bnie z korekt\u0105 wymiaru a-p, a mo\u017ce nale\u017cy zacz\u0105\u0107 tylko od korekty a-p?<\/a>\n\t\t\t\t\t<\/div>\n\t\t\t\t\t<div id=\"elementor-tab-content-2558\" class=\"elementor-tab-content elementor-clearfix\" data-tab=\"8\" role=\"region\" aria-labelledby=\"elementor-tab-title-2558\" data-no-translation=\"\" data-trp-gettext=\"\"><div id=\"ui-id-4\" class=\"accordion-content content1553074308584 ui-accordion-content ui-helper-reset ui-widget-content ui-corner-bottom ui-accordion-content-active\" role=\"tabpanel\" aria-labelledby=\"header-1553074308584\" aria-hidden=\"false\"><div id=\"ui-id-5\" class=\"accordion-content content1553074308725 ui-accordion-content ui-helper-reset ui-widget-content ui-corner-bottom ui-accordion-content-active\" role=\"tabpanel\" aria-labelledby=\"header-1553074308725\" aria-hidden=\"false\"><div id=\"ui-id-6\" class=\"accordion-content content1553074308866 ui-accordion-content ui-helper-reset ui-widget-content ui-corner-bottom ui-accordion-content-active\" role=\"tabpanel\" aria-labelledby=\"header-1553074308866\" aria-hidden=\"false\"><div id=\"ui-id-7\" class=\"accordion-content content1553074383975 ui-accordion-content ui-helper-reset ui-widget-content ui-corner-bottom ui-accordion-content-active\" role=\"tabpanel\" aria-labelledby=\"header-1553074383975\" aria-hidden=\"false\"><p>W przypadku wad klasy I, zar\u00f3wno w fazie pierwszej leczenia jak i w fazie uz\u0119bienia mieszanego, je\u017celi jest zmniejszony wymiar poprzeczny i istnieje potrzeba ekspansji szcz\u0119ki, nale\u017cy zawsze zacz\u0105\u0107 leczenie od ekspansji i skorygowania wymiaru poprzecznego.<br \/>W przypadku wady klasy II, gdy \u017cuchwa jest w pozycji dotylnej i chcemy j\u0105 wysun\u0105\u0107 do przodu, a jednocze\u015bnie rozwi\u0105za\u0107 problem wymiaru poprzecznego, to zawsze najpierw zaczynamy od skorygowania wymiaru strza\u0142kowego. Dopiero w drugiej kolejno\u015bci korygujemy wymiar poprzeczny. Korekta\u00a0<strong>WYMIARU STRZA\u0141KOWEGO<\/strong>\u00a0zajmie oko\u0142o 3 do 4 miesi\u0119cy. Nie ma potrzeby stabilizacji uzyskanego rezultatu, poniewa\u017c przechodzi si\u0119 wtedy od razu do korekty wymiaru poprzecznego.<br \/>W przypadku wady zgryzu klasy III z niedoborem wymiaru poprzecznego mo\u017cna robi\u0107 jedno i drugie<br \/>jednocze\u015bnie: korygujemy wymiar strza\u0142kowy i problemy wymiaru poprzecznego.<\/p><\/div><\/div><\/div><\/div><\/div>\n\t\t\t\t<\/div>\n\t\t\t\t\t\t\t\t<\/div>\n\t\t\t\t\t\t<\/div>\n\t\t\t\t<\/div>\n\t\t\t\t<div class=\"elementor-element elementor-element-8d3121f elementor-widget elementor-widget-spacer\" data-id=\"8d3121f\" data-element_type=\"widget\" data-e-type=\"widget\" data-widget_type=\"spacer.default\">\n\t\t\t\t<div class=\"elementor-widget-container\">\n\t\t\t\t\t\t\t<div class=\"elementor-spacer\">\n\t\t\t<div class=\"elementor-spacer-inner\"><\/div>\n\t\t<\/div>\n\t\t\t\t\t\t<\/div>\n\t\t\t\t<\/div>\n\t\t\t\t<div class=\"elementor-element elementor-element-4808baf elementor-widget elementor-widget-text-editor\" data-id=\"4808baf\" data-element_type=\"widget\" data-e-type=\"widget\" data-widget_type=\"text-editor.default\">\n\t\t\t\t<div class=\"elementor-widget-container\">\n\t\t\t\t\t\t\t\t\t<div class=\"fl-col-group fl-node-60dc8fa83073f\" data-node=\"60dc8fa83073f\"><div class=\"fl-col fl-node-60dc8fa8307b3\" data-node=\"60dc8fa8307b3\"><div class=\"fl-col-content fl-node-content\"><div class=\"fl-module fl-module-rich-text fl-node-60dc918e3c15f\" data-node=\"60dc918e3c15f\"><div class=\"fl-module-content fl-node-content\"><div class=\"fl-rich-text\"><p>Pytania i Odpowierdzi;<br \/>Porad klinicznych udzielaj\u0105: Dr Luis Carriere, Dr Dave Paquette, Dr James Paschal<\/p><\/div><\/div><\/div><\/div><\/div><\/div>\t\t\t\t\t\t\t\t<\/div>\n\t\t\t\t<\/div>\n\t\t\t\t<div class=\"elementor-element elementor-element-b0104e7 elementor-widget elementor-widget-image\" data-id=\"b0104e7\" data-element_type=\"widget\" data-e-type=\"widget\" data-widget_type=\"image.default\">\n\t\t\t\t<div class=\"elementor-widget-container\">\n\t\t\t\t\t\t\t\t\t\t\t\t\t\t\t\t<a href=\"https:\/\/polorto.com.pl\/wp-content\/uploads\/2023\/07\/25_O2_Carriere_Motion_3D_A4_www.pdf\" target=\"_blank\">\n\t\t\t\t\t\t\t<img fetchpriority=\"high\" decoding=\"async\" width=\"656\" height=\"929\" src=\"https:\/\/polorto.com.pl\/wp-content\/uploads\/2023\/07\/Pytania-i-Odpowiedzi-\u2013-Dzialanie-kliniczne-aparatu-Motion.png\" class=\"attachment-large size-large wp-image-4441\" alt=\"Pytania i Odpowiedzi \u2013 Dzialanie kliniczne aparatu Motion\" srcset=\"https:\/\/polorto.com.pl\/wp-content\/uploads\/2023\/07\/Pytania-i-Odpowiedzi-\u2013-Dzialanie-kliniczne-aparatu-Motion.png 656w, https:\/\/polorto.com.pl\/wp-content\/uploads\/2023\/07\/Pytania-i-Odpowiedzi-\u2013-Dzialanie-kliniczne-aparatu-Motion-212x300.png 212w, https:\/\/polorto.com.pl\/wp-content\/uploads\/2023\/07\/Pytania-i-Odpowiedzi-\u2013-Dzialanie-kliniczne-aparatu-Motion-8x12.png 8w\" sizes=\"(max-width: 656px) 100vw, 656px\" \/>\t\t\t\t\t\t\t\t<\/a>\n\t\t\t\t\t\t\t\t\t\t\t\t\t\t\t<\/div>\n\t\t\t\t<\/div>\n\t\t\t\t<div class=\"elementor-element elementor-element-a4c32f4 elementor-align-center elementor-widget elementor-widget-button\" data-id=\"a4c32f4\" data-element_type=\"widget\" data-e-type=\"widget\" data-widget_type=\"button.default\">\n\t\t\t\t<div class=\"elementor-widget-container\">\n\t\t\t\t\t\t\t\t\t<div class=\"elementor-button-wrapper\">\n\t\t\t\t\t<a class=\"elementor-button elementor-button-link elementor-size-sm\" href=\"https:\/\/polorto.com.pl\/wp-content\/uploads\/2023\/07\/25_O2_Carriere_Motion_3D_A4_www.pdf\" target=\"_blank\">\n\t\t\t\t\t\t<span class=\"elementor-button-content-wrapper\">\n\t\t\t\t\t\t\t\t\t<span class=\"elementor-button-text\">Pobierz<\/span>\n\t\t\t\t\t<\/span>\n\t\t\t\t\t<\/a>\n\t\t\t\t<\/div>\n\t\t\t\t\t\t\t\t<\/div>\n\t\t\t\t<\/div>\n\t\t\t\t\t<\/div>\n\t\t<\/div>\n\t\t\t\t\t<\/div>\n\t\t<\/section>\n\t\t\t\t<\/div>","protected":false},"excerpt":{"rendered":"<p>Pytania i Odpowiedzi \u2013 Dzialanie kliniczne aparatu Motion W jaki spos\u00f3b mo\u017cna przej\u015b\u0107 z MOTION 3D na Alignery? Na etapie, gdy mo\u017cliwe b\u0119dzie ju\u017c przej\u015bcie na alignery, nale\u017cy wykona\u0107 skan [&hellip;]<\/p>\n","protected":false},"author":3,"featured_media":0,"parent":0,"menu_order":0,"comment_status":"closed","ping_status":"closed","template":"","meta":{"_acf_changed":false,"site-sidebar-layout":"no-sidebar","site-content-layout":"page-builder","ast-site-content-layout":"full-width-container","site-content-style":"unboxed","site-sidebar-style":"unboxed","ast-global-header-display":"","ast-banner-title-visibility":"","ast-main-header-display":"","ast-hfb-above-header-display":"","ast-hfb-below-header-display":"","ast-hfb-mobile-header-display":"","site-post-title":"disabled","ast-breadcrumbs-content":"","ast-featured-img":"disabled","footer-sml-layout":"","ast-disable-related-posts":"","theme-transparent-header-meta":"default","adv-header-id-meta":"","stick-header-meta":"","header-above-stick-meta":"","header-main-stick-meta":"","header-below-stick-meta":"","astra-migrate-meta-layouts":"set","ast-page-background-enabled":"default","ast-page-background-meta":{"desktop":{"background-color":"var(--ast-global-color-4)","background-image":"","background-repeat":"repeat","background-position":"center center","background-size":"auto","background-attachment":"scroll","background-type":"","background-media":"","overlay-type":"","overlay-color":"","overlay-opacity":"","overlay-gradient":""},"tablet":{"background-color":"","background-image":"","background-repeat":"repeat","background-position":"center center","background-size":"auto","background-attachment":"scroll","background-type":"","background-media":"","overlay-type":"","overlay-color":"","overlay-opacity":"","overlay-gradient":""},"mobile":{"background-color":"","background-image":"","background-repeat":"repeat","background-position":"center center","background-size":"auto","background-attachment":"scroll","background-type":"","background-media":"","overlay-type":"","overlay-color":"","overlay-opacity":"","overlay-gradient":""}},"ast-content-background-meta":{"desktop":{"background-color":"var(--ast-global-color-5)","background-image":"","background-repeat":"repeat","background-position":"center center","background-size":"auto","background-attachment":"scroll","background-type":"","background-media":"","overlay-type":"","overlay-color":"","overlay-opacity":"","overlay-gradient":""},"tablet":{"background-color":"var(--ast-global-color-5)","background-image":"","background-repeat":"repeat","background-position":"center center","background-size":"auto","background-attachment":"scroll","background-type":"","background-media":"","overlay-type":"","overlay-color":"","overlay-opacity":"","overlay-gradient":""},"mobile":{"background-color":"var(--ast-global-color-5)","background-image":"","background-repeat":"repeat","background-position":"center center","background-size":"auto","background-attachment":"scroll","background-type":"","background-media":"","overlay-type":"","overlay-color":"","overlay-opacity":"","overlay-gradient":""}},"footnotes":""},"tags":[75],"class_list":["post-9274","page","type-page","status-publish","hentry","tag-produkt-en"],"acf":[],"yoast_head":"<!-- This site is optimized with the Yoast SEO plugin v27.4 - https:\/\/yoast.com\/product\/yoast-seo-wordpress\/ -->\n<title>Questions and Answers \u2013 Clinical operating of the Motion appliance - Polorto<\/title>\n<meta name=\"robots\" content=\"index, follow, max-snippet:-1, max-image-preview:large, max-video-preview:-1\" \/>\n<link rel=\"canonical\" href=\"https:\/\/polorto.com.pl\/en\/questions-and-answers-clinical-operating-of-the-motion-appliance\/\" \/>\n<meta property=\"og:locale\" content=\"en_GB\" \/>\n<meta property=\"og:type\" content=\"article\" \/>\n<meta property=\"og:title\" content=\"Questions and Answers \u2013 Clinical operating of the Motion appliance - Polorto\" \/>\n<meta property=\"og:description\" content=\"Pytania i Odpowiedzi \u2013 Dzialanie kliniczne aparatu Motion W jaki spos\u00f3b mo\u017cna przej\u015b\u0107 z MOTION 3D na Alignery? Na etapie, gdy mo\u017cliwe b\u0119dzie ju\u017c przej\u015bcie na alignery, nale\u017cy wykona\u0107 skan [&hellip;]\" \/>\n<meta property=\"og:url\" content=\"https:\/\/polorto.com.pl\/en\/questions-and-answers-clinical-operating-of-the-motion-appliance\/\" \/>\n<meta property=\"og:site_name\" content=\"Polorto\" \/>\n<meta name=\"twitter:card\" content=\"summary_large_image\" \/>\n<meta name=\"twitter:label1\" content=\"Estimated reading time\" \/>\n\t<meta name=\"twitter:data1\" content=\"5 minutes\" \/>\n<script type=\"application\/ld+json\" class=\"yoast-schema-graph\">{\"@context\":\"https:\\\/\\\/schema.org\",\"@graph\":[{\"@type\":\"WebPage\",\"@id\":\"https:\\\/\\\/polorto.com.pl\\\/en\\\/questions-and-answers-clinical-operating-of-the-motion-appliance\\\/\",\"url\":\"https:\\\/\\\/polorto.com.pl\\\/en\\\/questions-and-answers-clinical-operating-of-the-motion-appliance\\\/\",\"name\":\"Questions and Answers \u2013 Clinical operating of the Motion appliance - Polorto\",\"isPartOf\":{\"@id\":\"https:\\\/\\\/polorto.com.pl\\\/en\\\/#website\"},\"datePublished\":\"2023-11-06T15:11:15+00:00\",\"breadcrumb\":{\"@id\":\"https:\\\/\\\/polorto.com.pl\\\/en\\\/questions-and-answers-clinical-operating-of-the-motion-appliance\\\/#breadcrumb\"},\"inLanguage\":\"en-GB\",\"potentialAction\":[{\"@type\":\"ReadAction\",\"target\":[\"https:\\\/\\\/polorto.com.pl\\\/en\\\/questions-and-answers-clinical-operating-of-the-motion-appliance\\\/\"]}]},{\"@type\":\"BreadcrumbList\",\"@id\":\"https:\\\/\\\/polorto.com.pl\\\/en\\\/questions-and-answers-clinical-operating-of-the-motion-appliance\\\/#breadcrumb\",\"itemListElement\":[{\"@type\":\"ListItem\",\"position\":1,\"name\":\"Main\",\"item\":\"https:\\\/\\\/polorto.com.pl\\\/en\\\/\"},{\"@type\":\"ListItem\",\"position\":2,\"name\":\"Questions and Answers \u2013 Clinical operating of the Motion appliance\"}]},{\"@type\":\"WebSite\",\"@id\":\"https:\\\/\\\/polorto.com.pl\\\/en\\\/#website\",\"url\":\"https:\\\/\\\/polorto.com.pl\\\/en\\\/\",\"name\":\"Polorto\",\"description\":\"Od 30 lat w stomatologii\",\"potentialAction\":[{\"@type\":\"SearchAction\",\"target\":{\"@type\":\"EntryPoint\",\"urlTemplate\":\"https:\\\/\\\/polorto.com.pl\\\/en\\\/?s={search_term_string}\"},\"query-input\":{\"@type\":\"PropertyValueSpecification\",\"valueRequired\":true,\"valueName\":\"search_term_string\"}}],\"inLanguage\":\"en-GB\"}]}<\/script>\n<!-- \/ Yoast SEO plugin. -->","yoast_head_json":{"title":"Questions and Answers \u2013 Clinical operating of the Motion appliance - Polorto","robots":{"index":"index","follow":"follow","max-snippet":"max-snippet:-1","max-image-preview":"max-image-preview:large","max-video-preview":"max-video-preview:-1"},"canonical":"https:\/\/polorto.com.pl\/en\/questions-and-answers-clinical-operating-of-the-motion-appliance\/","og_locale":"en_GB","og_type":"article","og_title":"Questions and Answers \u2013 Clinical operating of the Motion appliance - Polorto","og_description":"Pytania i Odpowiedzi \u2013 Dzialanie kliniczne aparatu Motion W jaki spos\u00f3b mo\u017cna przej\u015b\u0107 z MOTION 3D na Alignery? Na etapie, gdy mo\u017cliwe b\u0119dzie ju\u017c przej\u015bcie na alignery, nale\u017cy wykona\u0107 skan [&hellip;]","og_url":"https:\/\/polorto.com.pl\/en\/questions-and-answers-clinical-operating-of-the-motion-appliance\/","og_site_name":"Polorto","twitter_card":"summary_large_image","twitter_misc":{"Estimated reading time":"5 minutes"},"schema":{"@context":"https:\/\/schema.org","@graph":[{"@type":"WebPage","@id":"https:\/\/polorto.com.pl\/en\/questions-and-answers-clinical-operating-of-the-motion-appliance\/","url":"https:\/\/polorto.com.pl\/en\/questions-and-answers-clinical-operating-of-the-motion-appliance\/","name":"Questions and Answers \u2013 Clinical operating of the Motion appliance - Polorto","isPartOf":{"@id":"https:\/\/polorto.com.pl\/en\/#website"},"datePublished":"2023-11-06T15:11:15+00:00","breadcrumb":{"@id":"https:\/\/polorto.com.pl\/en\/questions-and-answers-clinical-operating-of-the-motion-appliance\/#breadcrumb"},"inLanguage":"en-GB","potentialAction":[{"@type":"ReadAction","target":["https:\/\/polorto.com.pl\/en\/questions-and-answers-clinical-operating-of-the-motion-appliance\/"]}]},{"@type":"BreadcrumbList","@id":"https:\/\/polorto.com.pl\/en\/questions-and-answers-clinical-operating-of-the-motion-appliance\/#breadcrumb","itemListElement":[{"@type":"ListItem","position":1,"name":"Main","item":"https:\/\/polorto.com.pl\/en\/"},{"@type":"ListItem","position":2,"name":"Questions and Answers \u2013 Clinical operating of the Motion appliance"}]},{"@type":"WebSite","@id":"https:\/\/polorto.com.pl\/en\/#website","url":"https:\/\/polorto.com.pl\/en\/","name":"Polorto","description":"Od 30 lat w stomatologii","potentialAction":[{"@type":"SearchAction","target":{"@type":"EntryPoint","urlTemplate":"https:\/\/polorto.com.pl\/en\/?s={search_term_string}"},"query-input":{"@type":"PropertyValueSpecification","valueRequired":true,"valueName":"search_term_string"}}],"inLanguage":"en-GB"}]}},"_links":{"self":[{"href":"https:\/\/polorto.com.pl\/en\/wp-json\/wp\/v2\/pages\/9274","targetHints":{"allow":["GET"]}}],"collection":[{"href":"https:\/\/polorto.com.pl\/en\/wp-json\/wp\/v2\/pages"}],"about":[{"href":"https:\/\/polorto.com.pl\/en\/wp-json\/wp\/v2\/types\/page"}],"author":[{"embeddable":true,"href":"https:\/\/polorto.com.pl\/en\/wp-json\/wp\/v2\/users\/3"}],"replies":[{"embeddable":true,"href":"https:\/\/polorto.com.pl\/en\/wp-json\/wp\/v2\/comments?post=9274"}],"version-history":[{"count":0,"href":"https:\/\/polorto.com.pl\/en\/wp-json\/wp\/v2\/pages\/9274\/revisions"}],"wp:attachment":[{"href":"https:\/\/polorto.com.pl\/en\/wp-json\/wp\/v2\/media?parent=9274"}],"wp:term":[{"taxonomy":"post_tag","embeddable":true,"href":"https:\/\/polorto.com.pl\/en\/wp-json\/wp\/v2\/tags?post=9274"}],"curies":[{"name":"wp","href":"https:\/\/api.w.org\/{rel}","templated":true}]}}